{"id":153,"date":"2021-10-28T22:50:25","date_gmt":"2021-10-28T20:50:25","guid":{"rendered":"http:\/\/www.anondandon.fr\/?page_id=153"},"modified":"2026-03-08T11:42:49","modified_gmt":"2026-03-08T10:42:49","slug":"reserver-une-chambre","status":"publish","type":"page","link":"https:\/\/www.anondandon.fr\/index.php\/reserver-une-chambre\/","title":{"rendered":"R\u00e9servez"},"content":{"rendered":"<blockquote>\n<p style=\"color: #ff0000\"><strong>Les d\u00eeners ne sont pas servis en ce moment sauf demande particuli\u00e8re!<\/strong><br \/>\n<strong>De nombreux restaurants sont accessibles \u00e0 5min de voiture.<\/strong><\/p>\n<\/blockquote>\n<blockquote>\n<p style=\"color: #ff0000\"><strong><\/strong><\/p>\n<\/blockquote>\n<p>R\u00e9servez vos chambres et vos d\u00eeners ou le g\u00eete ci-dessous. Un acompte de 50% vous sera demand\u00e9 \u00e0 la r\u00e9servation.<\/p>\n<p>Veuillez s&rsquo;il vous pla\u00eet sp\u00e9cifier vos demandes sp\u00e9ciales (allergies\/intol\u00e9rances, animaux de compagnie, garage pour motos et v\u00e9los, etc).<\/p>\n<p>Les arriv\u00e9es se font \u00e0 partir de 17h en hiver et 18h en \u00e9t\u00e9 . Pour arriver plus tard veuillez prendre contact avec nous !<\/p>\n<p><script async data-form-id=\"8f72b48e2d199eb2\" src=\"https:\/\/secured.sirvoy.com\/widget\/sirvoy.js\"><\/script><\/p>\n<p><em>Si la fen\u00eatre de r\u00e9servation ne s&rsquo;affiche pas veuillez v\u00e9rifier votre logiciel anti-pop up ou anti-malware&#8230; Certains sont trop stricts. <\/em><\/p>\n","protected":false},"excerpt":{"rendered":"<p>Les d\u00eeners ne sont pas servis en ce moment sauf demande particuli\u00e8re! De nombreux restaurants sont accessibles \u00e0 5min de voiture. R\u00e9servez vos chambres et vos d\u00eeners ou le g\u00eete ci-dessous. Un acompte de 50% vous sera demand\u00e9 \u00e0 la r\u00e9servation. Veuillez s&rsquo;il vous pla\u00eet sp\u00e9cifier vos demandes sp\u00e9ciales (allergies\/intol\u00e9rances, animaux de compagnie, garage pour [&hellip;]<\/p>\n","protected":false},"author":1,"featured_media":381,"parent":0,"menu_order":0,"comment_status":"closed","ping_status":"closed","template":"","meta":{"pgc_sgb_lightbox_settings":"","footnotes":""},"class_list":["post-153","page","type-page","status-publish","has-post-thumbnail","hentry"],"yoast_head":"<!-- This site is optimized with the Yoast SEO plugin v26.9 - https:\/\/yoast.com\/product\/yoast-seo-wordpress\/ -->\n<title>R\u00e9servez<\/title>\n<meta name=\"description\" content=\"R\u00e9server une chambre au chalet chambre d&#039;h\u00f4te de l&#039;\u00e2non d&#039;Andon... R\u00e9server un d\u00eener \u00e0 la montagne dans les Monts d&#039;Azur.\" \/>\n<meta name=\"robots\" content=\"index, follow, max-snippet:-1, max-image-preview:large, max-video-preview:-1, noarchive\" \/>\n<link rel=\"canonical\" href=\"https:\/\/www.anondandon.fr\/index.php\/reserver-une-chambre\/\" \/>\n<meta property=\"og:locale\" content=\"fr_FR\" \/>\n<meta property=\"og:type\" content=\"article\" \/>\n<meta property=\"og:title\" content=\"R\u00e9servez\" \/>\n<meta property=\"og:description\" content=\"R\u00e9server une chambre au chalet chambre d&#039;h\u00f4te de l&#039;\u00e2non d&#039;Andon... R\u00e9server un d\u00eener \u00e0 la montagne dans les Monts d&#039;Azur.\" \/>\n<meta property=\"og:url\" content=\"https:\/\/www.anondandon.fr\/index.php\/reserver-une-chambre\/\" \/>\n<meta property=\"og:site_name\" content=\"L&#039;\u00e2non d&#039;Andon\" \/>\n<meta property=\"article:modified_time\" content=\"2026-03-08T10:42:49+00:00\" \/>\n<meta property=\"og:image\" content=\"https:\/\/i0.wp.com\/www.anondandon.fr\/wp-content\/uploads\/2021\/10\/DSC_0672-scaled.jpg?fit=2560%2C1707&ssl=1\" \/>\n\t<meta property=\"og:image:width\" content=\"2560\" \/>\n\t<meta property=\"og:image:height\" content=\"1707\" \/>\n\t<meta property=\"og:image:type\" content=\"image\/jpeg\" \/>\n<meta name=\"twitter:card\" content=\"summary_large_image\" \/>\n<meta name=\"twitter:label1\" content=\"Dur\u00e9e de lecture estim\u00e9e\" \/>\n\t<meta name=\"twitter:data1\" content=\"1 minute\" \/>\n<script type=\"application\/ld+json\" class=\"yoast-schema-graph\">{\"@context\":\"https:\/\/schema.org\",\"@graph\":[{\"@type\":\"WebPage\",\"@id\":\"https:\/\/www.anondandon.fr\/index.php\/reserver-une-chambre\/\",\"url\":\"https:\/\/www.anondandon.fr\/index.php\/reserver-une-chambre\/\",\"name\":\"R\u00e9servez\",\"isPartOf\":{\"@id\":\"https:\/\/www.anondandon.fr\/#website\"},\"primaryImageOfPage\":{\"@id\":\"https:\/\/www.anondandon.fr\/index.php\/reserver-une-chambre\/#primaryimage\"},\"image\":{\"@id\":\"https:\/\/www.anondandon.fr\/index.php\/reserver-une-chambre\/#primaryimage\"},\"thumbnailUrl\":\"https:\/\/i0.wp.com\/www.anondandon.fr\/wp-content\/uploads\/2021\/11\/IMG_0881-scaled.jpg?fit=2560%2C1920&ssl=1\",\"datePublished\":\"2021-10-28T20:50:25+00:00\",\"dateModified\":\"2026-03-08T10:42:49+00:00\",\"description\":\"R\u00e9server une chambre au chalet chambre d'h\u00f4te de l'\u00e2non d'Andon... R\u00e9server un d\u00eener \u00e0 la montagne dans les Monts d'Azur.\",\"breadcrumb\":{\"@id\":\"https:\/\/www.anondandon.fr\/index.php\/reserver-une-chambre\/#breadcrumb\"},\"inLanguage\":\"fr-FR\",\"potentialAction\":[{\"@type\":\"ReadAction\",\"target\":[\"https:\/\/www.anondandon.fr\/index.php\/reserver-une-chambre\/\"]}]},{\"@type\":\"ImageObject\",\"inLanguage\":\"fr-FR\",\"@id\":\"https:\/\/www.anondandon.fr\/index.php\/reserver-une-chambre\/#primaryimage\",\"url\":\"https:\/\/i0.wp.com\/www.anondandon.fr\/wp-content\/uploads\/2021\/11\/IMG_0881-scaled.jpg?fit=2560%2C1920&ssl=1\",\"contentUrl\":\"https:\/\/i0.wp.com\/www.anondandon.fr\/wp-content\/uploads\/2021\/11\/IMG_0881-scaled.jpg?fit=2560%2C1920&ssl=1\",\"width\":2560,\"height\":1920,\"caption\":\"Chalet l'\u00e2non d'Andon - balcons\"},{\"@type\":\"BreadcrumbList\",\"@id\":\"https:\/\/www.anondandon.fr\/index.php\/reserver-une-chambre\/#breadcrumb\",\"itemListElement\":[{\"@type\":\"ListItem\",\"position\":1,\"name\":\"Accueil\",\"item\":\"https:\/\/www.anondandon.fr\/\"},{\"@type\":\"ListItem\",\"position\":2,\"name\":\"R\u00e9servez\"}]},{\"@type\":\"WebSite\",\"@id\":\"https:\/\/www.anondandon.fr\/#website\",\"url\":\"https:\/\/www.anondandon.fr\/\",\"name\":\"L&#039;\u00e2non d&#039;Andon\",\"description\":\"Un havre de paix dans les Alpes d&#039;Azur\",\"publisher\":{\"@id\":\"https:\/\/www.anondandon.fr\/#organization\"},\"potentialAction\":[{\"@type\":\"SearchAction\",\"target\":{\"@type\":\"EntryPoint\",\"urlTemplate\":\"https:\/\/www.anondandon.fr\/?s={search_term_string}\"},\"query-input\":{\"@type\":\"PropertyValueSpecification\",\"valueRequired\":true,\"valueName\":\"search_term_string\"}}],\"inLanguage\":\"fr-FR\"},{\"@type\":\"Organization\",\"@id\":\"https:\/\/www.anondandon.fr\/#organization\",\"name\":\"L&#039;\u00e2non d&#039;Andon\",\"url\":\"https:\/\/www.anondandon.fr\/\",\"logo\":{\"@type\":\"ImageObject\",\"inLanguage\":\"fr-FR\",\"@id\":\"https:\/\/www.anondandon.fr\/#\/schema\/logo\/image\/\",\"url\":\"https:\/\/i0.wp.com\/www.anondandon.fr\/wp-content\/uploads\/2021\/10\/cropped-cropped-LogoAndon.jpg?fit=512%2C496&ssl=1\",\"contentUrl\":\"https:\/\/i0.wp.com\/www.anondandon.fr\/wp-content\/uploads\/2021\/10\/cropped-cropped-LogoAndon.jpg?fit=512%2C496&ssl=1\",\"width\":512,\"height\":496,\"caption\":\"L&#039;\u00e2non d&#039;Andon\"},\"image\":{\"@id\":\"https:\/\/www.anondandon.fr\/#\/schema\/logo\/image\/\"}}]}<\/script>\n<!-- \/ Yoast SEO plugin. -->","yoast_head_json":{"title":"R\u00e9servez","description":"R\u00e9server une chambre au chalet chambre d'h\u00f4te de l'\u00e2non d'Andon... R\u00e9server un d\u00eener \u00e0 la montagne dans les Monts d'Azur.","robots":{"index":"index","follow":"follow","max-snippet":"max-snippet:-1","max-image-preview":"max-image-preview:large","max-video-preview":"max-video-preview:-1","archive":"noarchive"},"canonical":"https:\/\/www.anondandon.fr\/index.php\/reserver-une-chambre\/","og_locale":"fr_FR","og_type":"article","og_title":"R\u00e9servez","og_description":"R\u00e9server une chambre au chalet chambre d'h\u00f4te de l'\u00e2non d'Andon... R\u00e9server un d\u00eener \u00e0 la montagne dans les Monts d'Azur.","og_url":"https:\/\/www.anondandon.fr\/index.php\/reserver-une-chambre\/","og_site_name":"L&#039;\u00e2non d&#039;Andon","article_modified_time":"2026-03-08T10:42:49+00:00","og_image":[{"width":2560,"height":1707,"url":"https:\/\/i0.wp.com\/www.anondandon.fr\/wp-content\/uploads\/2021\/10\/DSC_0672-scaled.jpg?fit=2560%2C1707&ssl=1","type":"image\/jpeg"}],"twitter_card":"summary_large_image","twitter_misc":{"Dur\u00e9e de lecture estim\u00e9e":"1 minute"},"schema":{"@context":"https:\/\/schema.org","@graph":[{"@type":"WebPage","@id":"https:\/\/www.anondandon.fr\/index.php\/reserver-une-chambre\/","url":"https:\/\/www.anondandon.fr\/index.php\/reserver-une-chambre\/","name":"R\u00e9servez","isPartOf":{"@id":"https:\/\/www.anondandon.fr\/#website"},"primaryImageOfPage":{"@id":"https:\/\/www.anondandon.fr\/index.php\/reserver-une-chambre\/#primaryimage"},"image":{"@id":"https:\/\/www.anondandon.fr\/index.php\/reserver-une-chambre\/#primaryimage"},"thumbnailUrl":"https:\/\/i0.wp.com\/www.anondandon.fr\/wp-content\/uploads\/2021\/11\/IMG_0881-scaled.jpg?fit=2560%2C1920&ssl=1","datePublished":"2021-10-28T20:50:25+00:00","dateModified":"2026-03-08T10:42:49+00:00","description":"R\u00e9server une chambre au chalet chambre d'h\u00f4te de l'\u00e2non d'Andon... R\u00e9server un d\u00eener \u00e0 la montagne dans les Monts d'Azur.","breadcrumb":{"@id":"https:\/\/www.anondandon.fr\/index.php\/reserver-une-chambre\/#breadcrumb"},"inLanguage":"fr-FR","potentialAction":[{"@type":"ReadAction","target":["https:\/\/www.anondandon.fr\/index.php\/reserver-une-chambre\/"]}]},{"@type":"ImageObject","inLanguage":"fr-FR","@id":"https:\/\/www.anondandon.fr\/index.php\/reserver-une-chambre\/#primaryimage","url":"https:\/\/i0.wp.com\/www.anondandon.fr\/wp-content\/uploads\/2021\/11\/IMG_0881-scaled.jpg?fit=2560%2C1920&ssl=1","contentUrl":"https:\/\/i0.wp.com\/www.anondandon.fr\/wp-content\/uploads\/2021\/11\/IMG_0881-scaled.jpg?fit=2560%2C1920&ssl=1","width":2560,"height":1920,"caption":"Chalet l'\u00e2non d'Andon - balcons"},{"@type":"BreadcrumbList","@id":"https:\/\/www.anondandon.fr\/index.php\/reserver-une-chambre\/#breadcrumb","itemListElement":[{"@type":"ListItem","position":1,"name":"Accueil","item":"https:\/\/www.anondandon.fr\/"},{"@type":"ListItem","position":2,"name":"R\u00e9servez"}]},{"@type":"WebSite","@id":"https:\/\/www.anondandon.fr\/#website","url":"https:\/\/www.anondandon.fr\/","name":"L&#039;\u00e2non d&#039;Andon","description":"Un havre de paix dans les Alpes d&#039;Azur","publisher":{"@id":"https:\/\/www.anondandon.fr\/#organization"},"potentialAction":[{"@type":"SearchAction","target":{"@type":"EntryPoint","urlTemplate":"https:\/\/www.anondandon.fr\/?s={search_term_string}"},"query-input":{"@type":"PropertyValueSpecification","valueRequired":true,"valueName":"search_term_string"}}],"inLanguage":"fr-FR"},{"@type":"Organization","@id":"https:\/\/www.anondandon.fr\/#organization","name":"L&#039;\u00e2non d&#039;Andon","url":"https:\/\/www.anondandon.fr\/","logo":{"@type":"ImageObject","inLanguage":"fr-FR","@id":"https:\/\/www.anondandon.fr\/#\/schema\/logo\/image\/","url":"https:\/\/i0.wp.com\/www.anondandon.fr\/wp-content\/uploads\/2021\/10\/cropped-cropped-LogoAndon.jpg?fit=512%2C496&ssl=1","contentUrl":"https:\/\/i0.wp.com\/www.anondandon.fr\/wp-content\/uploads\/2021\/10\/cropped-cropped-LogoAndon.jpg?fit=512%2C496&ssl=1","width":512,"height":496,"caption":"L&#039;\u00e2non d&#039;Andon"},"image":{"@id":"https:\/\/www.anondandon.fr\/#\/schema\/logo\/image\/"}}]}},"jetpack_shortlink":"https:\/\/wp.me\/Pdu1e8-2t","jetpack_sharing_enabled":true,"jetpack_likes_enabled":false,"_links":{"self":[{"href":"https:\/\/www.anondandon.fr\/index.php\/wp-json\/wp\/v2\/pages\/153","targetHints":{"allow":["GET"]}}],"collection":[{"href":"https:\/\/www.anondandon.fr\/index.php\/wp-json\/wp\/v2\/pages"}],"about":[{"href":"https:\/\/www.anondandon.fr\/index.php\/wp-json\/wp\/v2\/types\/page"}],"author":[{"embeddable":true,"href":"https:\/\/www.anondandon.fr\/index.php\/wp-json\/wp\/v2\/users\/1"}],"replies":[{"embeddable":true,"href":"https:\/\/www.anondandon.fr\/index.php\/wp-json\/wp\/v2\/comments?post=153"}],"version-history":[{"count":15,"href":"https:\/\/www.anondandon.fr\/index.php\/wp-json\/wp\/v2\/pages\/153\/revisions"}],"predecessor-version":[{"id":780,"href":"https:\/\/www.anondandon.fr\/index.php\/wp-json\/wp\/v2\/pages\/153\/revisions\/780"}],"wp:featuredmedia":[{"embeddable":true,"href":"https:\/\/www.anondandon.fr\/index.php\/wp-json\/wp\/v2\/media\/381"}],"wp:attachment":[{"href":"https:\/\/www.anondandon.fr\/index.php\/wp-json\/wp\/v2\/media?parent=153"}],"curies":[{"name":"wp","href":"https:\/\/api.w.org\/{rel}","templated":true}]}}